{"id":1491,"date":"2024-05-21T17:56:21","date_gmt":"2024-05-21T15:56:21","guid":{"rendered":"https:\/\/coopdera.org\/?post_type=projectes&#038;p=1491"},"modified":"2024-05-23T10:34:59","modified_gmt":"2024-05-23T08:34:59","slug":"cens-dhabitatges-baix-pallars","status":"publish","type":"projectes","link":"https:\/\/coopdera.org\/cast\/projectes\/cens-dhabitatges-baix-pallars\/","title":{"rendered":"Cens d&#8217;habitatges Baix Pallars"},"content":{"rendered":"\n<p>Des de l&#8217;Ajuntament de Baix Pallars ens van demanar un cens de tots els habitatges i edificis susceptibles a ser habitatge del municipi, amb l&#8217;objectiu de tenir una base i informaci\u00f3 per poder aplicar pol\u00edtiques d&#8217;habitatge.<\/p>\n\n\n\n<p>Al tractar-se d&#8217;una zona rural, sense compadors d&#8217;aigua i altres caracter\u00edstiques que dificultaven l&#8217;acc\u00e9s a la informaci\u00f3 per classificar els immobles, hem dissenyat una metodologia de cens particular i adaptada a les necessitats del lloc:<\/p>\n\n\n\n<p><strong>METODOLOGIA<\/strong><\/p>\n\n\n\n<p>1.Creuament de dades<br>&#8211; Recopil\u00b7laci\u00f3 de dades existents<br>&#8211; Dades del cadastre<br>&#8211; Dades de la normatvia d\u2019ordenaci\u00f3 de BP<br>&#8211; Ortofotos<br>&#8211; Pl\u00e0nols ICGC<br>2. Treball de camp \uf0e0 visites presencials a tots els nuclis<br>&#8211; Inspecci\u00f3 visuals des de l\u2019exterior<br>&#8211; Estat de conservaci\u00f3<br>&#8211; Fotografia exterior immoble<br>&#8211; Entrevista a 1 o 2 persones de refer\u00e8ncia de cada poble<br>3. Elaboraci\u00f3 de l\u2019informe<br><\/p>\n\n\n\n<p><strong>CLASSIFICACI\u00d3 DELS IMMOBLES<\/strong><\/p>\n\n\n\n<ul class=\"wp-block-list\">\n<li>Per usos: habitatges, edificacions o solars susceptibles a ser habitatge i equipaments<\/li>\n\n\n\n<li>Per ocupaci\u00f3: habitatge principal, habitatge secundari, habitatge d&#8217;\u00fas tur\u00edstic, habitatge buit<\/li>\n\n\n\n<li>Per tipus de tinen\u00e7a: propietat, lloguer i altres (masoveria, cooperativa d&#8217;habitatge)<\/li>\n<\/ul>\n\n\n\n<p><\/p>\n\n\n\n<p><strong>INFORMACI\u00d3 RECOLLIDA<\/strong><\/p>\n\n\n\n<p>Hem elaborat una fitxa per cadascun d&#8217;aquests immobles, on es recull:<\/p>\n\n\n\n<ul class=\"wp-block-list\">\n<li>Ortofoto amb tra\u00e7at de la parcel\u00b7la<\/li>\n\n\n\n<li>Imatge fa\u00e7ana de l&#8217;edifici<\/li>\n\n\n\n<li>Dades publicades al cadastre<\/li>\n\n\n\n<li>Estat de conservaci\u00f3 de l&#8217;edifici i observacions referents a l&#8217;estat de l&#8217;estructura, coberta, fusteries i pres\u00e8ncia de fibrociment. <\/li>\n\n\n\n<li>Classificaci\u00f3 per \u00fas, ocupaci\u00f3 i tipus de tinen\u00e7a<\/li>\n<\/ul>\n","protected":false},"featured_media":1503,"template":"","tipologia":[5],"class_list":["post-1491","projectes","type-projectes","status-publish","has-post-thumbnail","hentry","tipologia-habitatge-al-mon-rural"],"_links":{"self":[{"href":"https:\/\/coopdera.org\/cast\/wp-json\/wp\/v2\/projectes\/1491","targetHints":{"allow":["GET"]}}],"collection":[{"href":"https:\/\/coopdera.org\/cast\/wp-json\/wp\/v2\/projectes"}],"about":[{"href":"https:\/\/coopdera.org\/cast\/wp-json\/wp\/v2\/types\/projectes"}],"wp:featuredmedia":[{"embeddable":true,"href":"https:\/\/coopdera.org\/cast\/wp-json\/wp\/v2\/media\/1503"}],"wp:attachment":[{"href":"https:\/\/coopdera.org\/cast\/wp-json\/wp\/v2\/media?parent=1491"}],"wp:term":[{"taxonomy":"tipologia","embeddable":true,"href":"https:\/\/coopdera.org\/cast\/wp-json\/wp\/v2\/tipologia?post=1491"}],"curies":[{"name":"wp","href":"https:\/\/api.w.org\/{rel}","templated":true}]}}